{"id":709,"date":"2025-01-14T11:55:37","date_gmt":"2025-01-14T11:55:37","guid":{"rendered":"https:\/\/piatradepo.ro\/?page_id=709"},"modified":"2025-02-06T09:34:39","modified_gmt":"2025-02-06T09:34:39","slug":"inspiratie","status":"publish","type":"page","link":"https:\/\/piatradepo.ro\/ro\/inspiratie\/","title":{"rendered":"INSPIRA\u0162IE"},"content":{"rendered":"\t\t<div data-elementor-type=\"wp-page\" data-elementor-id=\"709\" class=\"elementor elementor-709\" data-elementor-post-type=\"page\">\n\t\t\t\t\t\t<section class=\"elementor-section elementor-top-section elementor-element elementor-element-2169e36 elementor-section-full_width elementor-section-height-default elementor-section-height-default\" data-id=\"2169e36\" data-element_type=\"section\" data-e-type=\"section\">\n\t\t\t\t\t\t<div class=\"elementor-container elementor-column-gap-default\">\n\t\t\t\t\t<div class=\"elementor-column elementor-col-100 elementor-top-column elementor-element elementor-element-339f586\" data-id=\"339f586\" data-element_type=\"column\" data-e-type=\"column\">\n\t\t\t<div class=\"elementor-widget-wrap elementor-element-populated\">\n\t\t\t\t\t\t<div class=\"elementor-element elementor-element-b45e6e1 elementor-widget elementor-widget-gallery\" data-id=\"b45e6e1\" data-element_type=\"widget\" data-e-type=\"widget\" data-settings=\"{&quot;gallery_layout&quot;:&quot;justified&quot;,&quot;ideal_row_height&quot;:{&quot;unit&quot;:&quot;px&quot;,&quot;size&quot;:250,&quot;sizes&quot;:[]},&quot;ideal_row_height_mobile&quot;:{&quot;unit&quot;:&quot;px&quot;,&quot;size&quot;:100,&quot;sizes&quot;:[]},&quot;gap_mobile&quot;:{&quot;unit&quot;:&quot;px&quot;,&quot;size&quot;:5,&quot;sizes&quot;:[]},&quot;ideal_row_height_tablet&quot;:{&quot;unit&quot;:&quot;px&quot;,&quot;size&quot;:150,&quot;sizes&quot;:[]},&quot;gap&quot;:{&quot;unit&quot;:&quot;px&quot;,&quot;size&quot;:10,&quot;sizes&quot;:[]},&quot;gap_tablet&quot;:{&quot;unit&quot;:&quot;px&quot;,&quot;size&quot;:10,&quot;sizes&quot;:[]},&quot;link_to&quot;:&quot;file&quot;,&quot;overlay_background&quot;:&quot;yes&quot;,&quot;content_hover_animation&quot;:&quot;fade-in&quot;}\" data-widget_type=\"gallery.default\">\n\t\t\t\t<div class=\"elementor-widget-container\">\n\t\t\t\t\t\t\t<div class=\"elementor-gallery__container\">\n\t\t\t\t\t\t\t<a class=\"e-gallery-item elementor-gallery-item elementor-animated-content\" href=\"https:\/\/piatradepo.ro\/wp-content\/uploads\/2024\/12\/chic-terrace-country-house-with-wrought-iron-furniture-vases-with-flowers-columns-bright-summer-sunny-day.png\" data-elementor-open-lightbox=\"yes\" data-elementor-lightbox-slideshow=\"b45e6e1\" data-elementor-lightbox-title=\"chic-terrace-country-house-with-wrought-iron-furniture-vases-with-flowers-columns-bright-summer-sunny-day\" data-e-action-hash=\"#elementor-action%3Aaction%3Dlightbox%26settings%3DeyJpZCI6MzA0LCJ1cmwiOiJodHRwczpcL1wvcGlhdHJhZGVwby5yb1wvd3AtY29udGVudFwvdXBsb2Fkc1wvMjAyNFwvMTJcL2NoaWMtdGVycmFjZS1jb3VudHJ5LWhvdXNlLXdpdGgtd3JvdWdodC1pcm9uLWZ1cm5pdHVyZS12YXNlcy13aXRoLWZsb3dlcnMtY29sdW1ucy1icmlnaHQtc3VtbWVyLXN1bm55LWRheS5wbmciLCJzbGlkZXNob3ciOiJiNDVlNmUxIn0%3D\">\n\t\t\t\t\t<div class=\"e-gallery-image elementor-gallery-item__image\" data-thumbnail=\"https:\/\/piatradepo.ro\/wp-content\/uploads\/2024\/12\/chic-terrace-country-house-with-wrought-iron-furniture-vases-with-flowers-columns-bright-summer-sunny-day.png\" data-width=\"365\" data-height=\"220\" aria-label=\"\" role=\"img\" ><\/div>\n\t\t\t\t\t\t\t\t\t\t\t<div class=\"elementor-gallery-item__overlay\"><\/div>\n\t\t\t\t\t\t\t\t\t\t\t\t\t\t<\/a>\n\t\t\t\t\t\t\t<a class=\"e-gallery-item elementor-gallery-item elementor-animated-content\" href=\"https:\/\/piatradepo.ro\/wp-content\/uploads\/2025\/01\/art-brick-01-scaled-1.jpg\" data-elementor-open-lightbox=\"yes\" data-elementor-lightbox-slideshow=\"b45e6e1\" data-elementor-lightbox-title=\"art-brick-01-scaled\" data-e-action-hash=\"#elementor-action%3Aaction%3Dlightbox%26settings%3DeyJpZCI6NTQzLCJ1cmwiOiJodHRwczpcL1wvcGlhdHJhZGVwby5yb1wvd3AtY29udGVudFwvdXBsb2Fkc1wvMjAyNVwvMDFcL2FydC1icmljay0wMS1zY2FsZWQtMS5qcGciLCJzbGlkZXNob3ciOiJiNDVlNmUxIn0%3D\">\n\t\t\t\t\t<div class=\"e-gallery-image elementor-gallery-item__image\" data-thumbnail=\"https:\/\/piatradepo.ro\/wp-content\/uploads\/2025\/01\/art-brick-01-scaled-1.jpg\" data-width=\"1920\" data-height=\"2560\" aria-label=\"\" role=\"img\" ><\/div>\n\t\t\t\t\t\t\t\t\t\t\t<div class=\"elementor-gallery-item__overlay\"><\/div>\n\t\t\t\t\t\t\t\t\t\t\t\t\t\t<\/a>\n\t\t\t\t\t\t\t<a class=\"e-gallery-item elementor-gallery-item elementor-animated-content\" href=\"https:\/\/piatradepo.ro\/wp-content\/uploads\/2025\/01\/030-athos-scaled-1.jpg\" data-elementor-open-lightbox=\"yes\" data-elementor-lightbox-slideshow=\"b45e6e1\" data-elementor-lightbox-title=\"ATHOS\" data-elementor-lightbox-description=\"Dalele de pavaj modulare cu textura travertin Athos pot fi folosite at\u00e2t la interior c\u00e2t \u0219i la exterior pentru amenajarea cl\u0103dirilor, gr\u0103dinilor, teraselor. \" data-e-action-hash=\"#elementor-action%3Aaction%3Dlightbox%26settings%3DeyJpZCI6ODkyLCJ1cmwiOiJodHRwczpcL1wvcGlhdHJhZGVwby5yb1wvd3AtY29udGVudFwvdXBsb2Fkc1wvMjAyNVwvMDFcLzAzMC1hdGhvcy1zY2FsZWQtMS5qcGciLCJzbGlkZXNob3ciOiJiNDVlNmUxIn0%3D\">\n\t\t\t\t\t<div class=\"e-gallery-image elementor-gallery-item__image\" data-thumbnail=\"https:\/\/piatradepo.ro\/wp-content\/uploads\/2025\/01\/030-athos-scaled-1.jpg\" data-width=\"1200\" data-height=\"800\" aria-label=\"De asemenea, dalele de pavaj Athos (modul 2 dimensiuni) sunt ideale pentru pardoseli, la pavarea cur\u021bilor sau a aleilor din gr\u0103dini sau parcuri, terase, zone pietonale, de agrement, sau \u00een jurul piscinei. Decorarea cu aceste dale, confer\u0103 ambientelor dvs. elegan\u021b\u0103, armonie \u0219i stil. Montajul poate fi realizat pe pat de beton pentru trafic auto sau pe pat de nisip pentru trafic pietonal. Dale utilizate pentru: terase, gradini de iarn\u0103, alei, c\u0103i de acces, trepte, delimit\u0103ri de terenuri, \u00eencadrarea lateral\u0103 a treptelor, garduri, b\u0103ncu\u021be \u0219i cuptoare pentru grill, delimit\u0103ri pentru spa\u021bii verzi.\" role=\"img\" ><\/div>\n\t\t\t\t\t\t\t\t\t\t\t<div class=\"elementor-gallery-item__overlay\"><\/div>\n\t\t\t\t\t\t\t\t\t\t\t\t\t\t<\/a>\n\t\t\t\t\t\t\t<a class=\"e-gallery-item elementor-gallery-item elementor-animated-content\" href=\"https:\/\/piatradepo.ro\/wp-content\/uploads\/2025\/01\/Pavajele-Gard-aluminiu-Maro.jpg\" data-elementor-open-lightbox=\"yes\" data-elementor-lightbox-slideshow=\"b45e6e1\" data-elementor-lightbox-title=\"Pavajele Gard aluminiu Maro\" data-elementor-lightbox-description=\"Sistemul nostru de gard este realizat din aluminiu, ceea ce \u00eel face durabil, nu mai este nevoie s\u0103 vopsi\u021bi, rezista la v\u00e2nt, vreme ploioas\u0103, raze UV puternice \u0219i nu rugine\u0219te niciodat\u0103. Gardurile \u0219i portile din aluminiu au o durat\u0103 de via\u021b\u0103 indelungat\u0103, spre deosebire de alte materiale care se degradeaz\u0103 \u00een timp.\" data-e-action-hash=\"#elementor-action%3Aaction%3Dlightbox%26settings%3DeyJpZCI6MTI5MCwidXJsIjoiaHR0cHM6XC9cL3BpYXRyYWRlcG8ucm9cL3dwLWNvbnRlbnRcL3VwbG9hZHNcLzIwMjVcLzAxXC9QYXZhamVsZS1HYXJkLWFsdW1pbml1LU1hcm8uanBnIiwic2xpZGVzaG93IjoiYjQ1ZTZlMSJ9\">\n\t\t\t\t\t<div class=\"e-gallery-image elementor-gallery-item__image\" data-thumbnail=\"https:\/\/piatradepo.ro\/wp-content\/uploads\/2025\/01\/Pavajele-Gard-aluminiu-Maro.jpg\" data-width=\"1070\" data-height=\"640\" aria-label=\"Cel mai mare avantaj al gardului din aluminiu este c\u0103 \u0219uruburile utilizate \u00een timpul instal\u0103rii sunt mascate cu un profil de acoperire, astfel \u00eenc\u00e2t s\u0103 ob\u021bine\u021bi aceea\u0219i vedere din gr\u0103din\u0103 \u0219i din strad\u0103. Sistemul nostru poate fi folosit at\u00e2t ca gard, balustrad\u0103, pergol\u0103, c\u00e2t \u0219i pentru diverse accesorii pentru exterior: co\u0219 de gunoi, b\u0103ncute, pere\u021bi desp\u0103r\u021bitori, chiar \u0219i lambriu.\" role=\"img\" ><\/div>\n\t\t\t\t\t\t\t\t\t\t\t<div class=\"elementor-gallery-item__overlay\"><\/div>\n\t\t\t\t\t\t\t\t\t\t\t\t\t\t<\/a>\n\t\t\t\t\t\t\t<a class=\"e-gallery-item elementor-gallery-item elementor-animated-content\" href=\"https:\/\/piatradepo.ro\/wp-content\/uploads\/2025\/01\/IMG-20171104-WA0000.jpg\" data-elementor-open-lightbox=\"yes\" data-elementor-lightbox-slideshow=\"b45e6e1\" data-elementor-lightbox-title=\"Orion\" data-elementor-lightbox-description=\"Datorit\u0103 formatului generos de 1 m lungime pe 0.5 m la\u021bime, dalele de pavaj Orion pot fi folosite at\u00e2t la interior c\u00e2t \u0219i la exterior la pavarea cur\u021bilor, teraselor, zonelor de agrement, sau a zonelor din jurul piscinei.\" data-e-action-hash=\"#elementor-action%3Aaction%3Dlightbox%26settings%3DeyJpZCI6OTE5LCJ1cmwiOiJodHRwczpcL1wvcGlhdHJhZGVwby5yb1wvd3AtY29udGVudFwvdXBsb2Fkc1wvMjAyNVwvMDFcL0lNRy0yMDE3MTEwNC1XQTAwMDAuanBnIiwic2xpZGVzaG93IjoiYjQ1ZTZlMSJ9\">\n\t\t\t\t\t<div class=\"e-gallery-image elementor-gallery-item__image\" data-thumbnail=\"https:\/\/piatradepo.ro\/wp-content\/uploads\/2025\/01\/IMG-20171104-WA0000.jpg\" data-width=\"1200\" data-height=\"899\" aria-label=\"Acestea se preteaz\u0103 a fi montate pe \u0219ap\u0103 de beton pentru trafic auto sau pe pat de \u0219ap\u0103 semiuscat\u0103 pentru trafic pietonal.\" role=\"img\" ><\/div>\n\t\t\t\t\t\t\t\t\t\t\t<div class=\"elementor-gallery-item__overlay\"><\/div>\n\t\t\t\t\t\t\t\t\t\t\t\t\t\t<\/a>\n\t\t\t\t\t\t\t<a class=\"e-gallery-item elementor-gallery-item elementor-animated-content\" href=\"https:\/\/piatradepo.ro\/wp-content\/uploads\/2025\/01\/star-brick-ambient-scaled-1.jpg\" data-elementor-open-lightbox=\"yes\" data-elementor-lightbox-slideshow=\"b45e6e1\" data-elementor-lightbox-title=\"STAR BRICK AMBIENT SCALED\" data-elementor-lightbox-description=\"Inspirat\u0103 din pavelele de c\u0103r\u0103mid\u0103 veche folosite \u00een ora\u0219ele europene, pavelele Star Brick sunt destinate punerii \u00een valoare a spa\u021biilor mici.\" data-e-action-hash=\"#elementor-action%3Aaction%3Dlightbox%26settings%3DeyJpZCI6ODczLCJ1cmwiOiJodHRwczpcL1wvcGlhdHJhZGVwby5yb1wvd3AtY29udGVudFwvdXBsb2Fkc1wvMjAyNVwvMDFcL3N0YXItYnJpY2stYW1iaWVudC1zY2FsZWQtMS5qcGciLCJzbGlkZXNob3ciOiJiNDVlNmUxIn0%3D\">\n\t\t\t\t\t<div class=\"e-gallery-image elementor-gallery-item__image\" data-thumbnail=\"https:\/\/piatradepo.ro\/wp-content\/uploads\/2025\/01\/star-brick-ambient-scaled-1.jpg\" data-width=\"1200\" data-height=\"749\" aria-label=\"Cu ajutorul unui proces de formare special conceput, fiecare pies\u0103 este antichizat\u0103 \u00een mod unic, iar dimensiunile sunt special concepute pentru o instalare u\u0219oar\u0103 \u0219i eficient\u0103. Acestea se preteaz\u0103 a fi montate pe \u0219ap\u0103 de beton pentru trafic auto sau pe \u0219ap\u0103 semiuscat\u0103 pentru trafic pietonal.\" role=\"img\" ><\/div>\n\t\t\t\t\t\t\t\t\t\t\t<div class=\"elementor-gallery-item__overlay\"><\/div>\n\t\t\t\t\t\t\t\t\t\t\t\t\t\t<\/a>\n\t\t\t\t\t\t\t<a class=\"e-gallery-item elementor-gallery-item elementor-animated-content\" href=\"https:\/\/piatradepo.ro\/wp-content\/uploads\/2025\/01\/016-top-scaled-1.jpg\" data-elementor-open-lightbox=\"yes\" data-elementor-lightbox-slideshow=\"b45e6e1\" data-elementor-lightbox-title=\"Arvore - Beige\" data-elementor-lightbox-description=\"Dalele de pavaj modulare cu textura travertin Arvore pot fi folosite at\u00e2t la interior c\u00e2t \u0219i la exterior pentru amenajarea cl\u0103dirilor, la placarea fa\u021badelor, pere\u021bilor interiori \u0219i exteriori.\" data-e-action-hash=\"#elementor-action%3Aaction%3Dlightbox%26settings%3DeyJpZCI6ODc5LCJ1cmwiOiJodHRwczpcL1wvcGlhdHJhZGVwby5yb1wvd3AtY29udGVudFwvdXBsb2Fkc1wvMjAyNVwvMDFcLzAxNi10b3Atc2NhbGVkLTEuanBnIiwic2xpZGVzaG93IjoiYjQ1ZTZlMSJ9\">\n\t\t\t\t\t<div class=\"e-gallery-image elementor-gallery-item__image\" data-thumbnail=\"https:\/\/piatradepo.ro\/wp-content\/uploads\/2025\/01\/016-top-scaled-1.jpg\" data-width=\"1200\" data-height=\"800\" aria-label=\"De asemenea, dalele de pavaj sunt ideale pentru pardoseli, la pavarea cur\u021bilor sau a aleilor din gradini sau parcuri, terase, zone pietonale, de agrement, sau in jurul piscinei. Decorarea cu aceste pavele, confer\u0103 ambientelor dvs. elegan\u021b\u0103, armonie \u0219i stil. Arvore, este un pavaj cu forme nesimetrice pentru a putea contribui astfel la unicitatea spa\u021biului dvs. La pavaj trebuie s\u0103 fi\u021bi aten\u021bi s\u0103 fie montat pe pat de beton pentru trafic auto sau pe pat de nisip pentru trafic pietonal. Acest pavaj poate fi folosit pentru: terase, gr\u0103dini de iarna, alei, c\u0103i de acces, trepte, delimit\u0103ri de terenuri, ziduri de gr\u0103din\u0103 \u0219i ziduri decorative, \u00eencadrarea lateral\u0103 a treptelor, garduri, b\u0103ncu\u021be \u0219i cuptoare pentru grill, delimit\u0103ri pentru spa\u021bii verzi.\" role=\"img\" ><\/div>\n\t\t\t\t\t\t\t\t\t\t\t<div class=\"elementor-gallery-item__overlay\"><\/div>\n\t\t\t\t\t\t\t\t\t\t\t\t\t\t<\/a>\n\t\t\t\t\t\t\t<a class=\"e-gallery-item elementor-gallery-item elementor-animated-content\" href=\"https:\/\/piatradepo.ro\/wp-content\/uploads\/2025\/01\/2Y6A3198-scaled-1.jpg\" data-elementor-open-lightbox=\"yes\" data-elementor-lightbox-slideshow=\"b45e6e1\" data-elementor-lightbox-title=\"Star Brick\" data-elementor-lightbox-description=\"Inspirat\u0103 din pavelele de c\u0103r\u0103mid\u0103 veche folosite \u00een ora\u0219ele europene, pavelele Star Brick sunt destinate punerii \u00een valoare a spa\u021biilor mici.\" data-e-action-hash=\"#elementor-action%3Aaction%3Dlightbox%26settings%3DeyJpZCI6ODcxLCJ1cmwiOiJodHRwczpcL1wvcGlhdHJhZGVwby5yb1wvd3AtY29udGVudFwvdXBsb2Fkc1wvMjAyNVwvMDFcLzJZNkEzMTk4LXNjYWxlZC0xLmpwZyIsInNsaWRlc2hvdyI6ImI0NWU2ZTEifQ%3D%3D\">\n\t\t\t\t\t<div class=\"e-gallery-image elementor-gallery-item__image\" data-thumbnail=\"https:\/\/piatradepo.ro\/wp-content\/uploads\/2025\/01\/2Y6A3198-scaled-1.jpg\" data-width=\"1200\" data-height=\"1084\" aria-label=\"Cu ajutorul unui proces de formare special conceput, fiecare pies\u0103 este antichizat\u0103 \u00een mod unic, iar dimensiunile sunt special concepute pentru o instalare u\u0219oar\u0103 \u0219i eficient\u0103. Acestea se preteaz\u0103 a fi montate pe \u0219ap\u0103 de beton pentru trafic auto sau pe \u0219ap\u0103 semiuscat\u0103 pentru trafic pietonal.\" role=\"img\" ><\/div>\n\t\t\t\t\t\t\t\t\t\t\t<div class=\"elementor-gallery-item__overlay\"><\/div>\n\t\t\t\t\t\t\t\t\t\t\t\t\t\t<\/a>\n\t\t\t\t\t\t\t<a class=\"e-gallery-item elementor-gallery-item elementor-animated-content\" href=\"https:\/\/piatradepo.ro\/wp-content\/uploads\/2025\/01\/Piatradepo-Modulo-Dark-2.jpg\" data-elementor-open-lightbox=\"yes\" data-elementor-lightbox-slideshow=\"b45e6e1\" data-elementor-lightbox-title=\"Piatradepo Modulo Dark\" data-elementor-lightbox-description=\"Modulo este un bloc de construc\u021bie modular contemporan, proiectat inovator pentru a permite crearea de caracteristici uimitoare \u00een gr\u0103dina dumneavoastr\u0103.\" data-e-action-hash=\"#elementor-action%3Aaction%3Dlightbox%26settings%3DeyJpZCI6MTA3MywidXJsIjoiaHR0cHM6XC9cL3BpYXRyYWRlcG8ucm9cL3dwLWNvbnRlbnRcL3VwbG9hZHNcLzIwMjVcLzAxXC9QaWF0cmFkZXBvLU1vZHVsby1EYXJrLTIuanBnIiwic2xpZGVzaG93IjoiYjQ1ZTZlMSJ9\">\n\t\t\t\t\t<div class=\"e-gallery-image elementor-gallery-item__image\" data-thumbnail=\"https:\/\/piatradepo.ro\/wp-content\/uploads\/2025\/01\/Piatradepo-Modulo-Dark-2.jpg\" data-width=\"1200\" data-height=\"800\" aria-label=\"Modulo adaug\u0103 noi dimensiuni proiectului t\u0103u de amenajare a teritoriului, iar construirea cu Moodul este foarte simpl\u0103. Cu Modulo pute\u021bi crea o structur\u0103 at\u00e2t de func\u021bional\u0103 sau artistic\u0103 pe c\u00e2t dori\u021bi. De la un simplu perete la o jardinier\u0103 atractiv\u0103, de la o banc\u0103 de baz\u0103 la o camer\u0103 complet\u0103 de exterior. Dimensiuni (LUNGIME X L\u0102\u0162IME X GROSIME): 60 cm x 30 cm x 9 cm Bol\u021bar 60 cm x 30 cm x 7,5 cm Capac\" role=\"img\" ><\/div>\n\t\t\t\t\t\t\t\t\t\t\t<div class=\"elementor-gallery-item__overlay\"><\/div>\n\t\t\t\t\t\t\t\t\t\t\t\t\t\t<\/a>\n\t\t\t\t\t\t\t<a class=\"e-gallery-item elementor-gallery-item elementor-animated-content\" href=\"https:\/\/piatradepo.ro\/wp-content\/uploads\/2025\/01\/Piatra-naturala.png\" data-elementor-open-lightbox=\"yes\" data-elementor-lightbox-slideshow=\"b45e6e1\" data-elementor-lightbox-title=\"Piatr\u0103 natural\u0103\" data-e-action-hash=\"#elementor-action%3Aaction%3Dlightbox%26settings%3DeyJpZCI6MTU3OCwidXJsIjoiaHR0cHM6XC9cL3BpYXRyYWRlcG8ucm9cL3dwLWNvbnRlbnRcL3VwbG9hZHNcLzIwMjVcLzAxXC9QaWF0cmEtbmF0dXJhbGEucG5nIiwic2xpZGVzaG93IjoiYjQ1ZTZlMSJ9\">\n\t\t\t\t\t<div class=\"e-gallery-image elementor-gallery-item__image\" data-thumbnail=\"https:\/\/piatradepo.ro\/wp-content\/uploads\/2025\/01\/Piatra-naturala.png\" data-width=\"500\" data-height=\"470\" aria-label=\"\" role=\"img\" ><\/div>\n\t\t\t\t\t\t\t\t\t\t\t<div class=\"elementor-gallery-item__overlay\"><\/div>\n\t\t\t\t\t\t\t\t\t\t\t\t\t\t<\/a>\n\t\t\t\t\t\t\t<a class=\"e-gallery-item elementor-gallery-item elementor-animated-content\" href=\"https:\/\/piatradepo.ro\/wp-content\/uploads\/2024\/12\/DSC0267.png\" data-elementor-open-lightbox=\"yes\" data-elementor-lightbox-slideshow=\"b45e6e1\" data-elementor-lightbox-title=\"_DSC0267\" data-e-action-hash=\"#elementor-action%3Aaction%3Dlightbox%26settings%3DeyJpZCI6MjgxLCJ1cmwiOiJodHRwczpcL1wvcGlhdHJhZGVwby5yb1wvd3AtY29udGVudFwvdXBsb2Fkc1wvMjAyNFwvMTJcL0RTQzAyNjcucG5nIiwic2xpZGVzaG93IjoiYjQ1ZTZlMSJ9\">\n\t\t\t\t\t<div class=\"e-gallery-image elementor-gallery-item__image\" data-thumbnail=\"https:\/\/piatradepo.ro\/wp-content\/uploads\/2024\/12\/DSC0267.png\" data-width=\"501\" data-height=\"472\" aria-label=\"\" role=\"img\" ><\/div>\n\t\t\t\t\t\t\t\t\t\t\t<div class=\"elementor-gallery-item__overlay\"><\/div>\n\t\t\t\t\t\t\t\t\t\t\t\t\t\t<\/a>\n\t\t\t\t\t\t\t<a class=\"e-gallery-item elementor-gallery-item elementor-animated-content\" href=\"https:\/\/piatradepo.ro\/wp-content\/uploads\/2025\/01\/001-dale-pavaj-roma-scaled-1.jpg\" data-elementor-open-lightbox=\"yes\" data-elementor-lightbox-slideshow=\"b45e6e1\" data-elementor-lightbox-title=\"Dale Pavaj Roma Scaled\" data-elementor-lightbox-description=\"Dalele cu textur\u0103 marmur\u0103 Roma pot fi folosite at\u00e2t la interior c\u00e2t \u0219i la exterior pentru amenajarea cl\u0103dirilor, la placarea fa\u021badelor, pere\u021bilor interiori \u0219i exteriori.\" data-e-action-hash=\"#elementor-action%3Aaction%3Dlightbox%26settings%3DeyJpZCI6OTI2LCJ1cmwiOiJodHRwczpcL1wvcGlhdHJhZGVwby5yb1wvd3AtY29udGVudFwvdXBsb2Fkc1wvMjAyNVwvMDFcLzAwMS1kYWxlLXBhdmFqLXJvbWEtc2NhbGVkLTEuanBnIiwic2xpZGVzaG93IjoiYjQ1ZTZlMSJ9\">\n\t\t\t\t\t<div class=\"e-gallery-image elementor-gallery-item__image\" data-thumbnail=\"https:\/\/piatradepo.ro\/wp-content\/uploads\/2025\/01\/001-dale-pavaj-roma-scaled-1.jpg\" data-width=\"1200\" data-height=\"800\" aria-label=\"Decorarea cu acest pavaj, confer\u0103 ambien\u021belor dvs. elegan\u021b\u0103, armonie \u0219i stil. De asemenea, dalele cu textur\u0103 marmur\u0103 antichizat\u0103 sunt ideale pentru pardoseli, la pavarea cur\u021bilor sau a aleilor din gr\u0103dini sau parcuri, terase, zone pietonale, de agrement, sau in jurul piscinei. Dale utilizate pentru: terase, gr\u0103dini de iarn\u0103, alei, c\u0103i de acces, trepte, delimit\u0103ri de terenuri, ziduri de gr\u0103din\u0103 \u0219i ziduri decorative, \u00eencadrarea lateral\u0103 a treptelor, garduri, b\u0103ncu\u021be \u0219i cuptoare pentru grill, delimit\u0103ri pentru spa\u021bii verzi.\" role=\"img\" ><\/div>\n\t\t\t\t\t\t\t\t\t\t\t<div class=\"elementor-gallery-item__overlay\"><\/div>\n\t\t\t\t\t\t\t\t\t\t\t\t\t\t<\/a>\n\t\t\t\t\t\t\t<a class=\"e-gallery-item elementor-gallery-item elementor-animated-content\" href=\"https:\/\/piatradepo.ro\/wp-content\/uploads\/2025\/01\/Piatradepo-Modulo-Dark-3.jpg\" data-elementor-open-lightbox=\"yes\" data-elementor-lightbox-slideshow=\"b45e6e1\" data-elementor-lightbox-title=\"Piatradepo Modulo Dark\" data-elementor-lightbox-description=\"Modulo este un bloc de construc\u021bie modular contemporan, proiectat inovator pentru a permite crearea de caracteristici uimitoare \u00een gr\u0103dina dumneavoastr\u0103.\" data-e-action-hash=\"#elementor-action%3Aaction%3Dlightbox%26settings%3DeyJpZCI6MTA3MiwidXJsIjoiaHR0cHM6XC9cL3BpYXRyYWRlcG8ucm9cL3dwLWNvbnRlbnRcL3VwbG9hZHNcLzIwMjVcLzAxXC9QaWF0cmFkZXBvLU1vZHVsby1EYXJrLTMuanBnIiwic2xpZGVzaG93IjoiYjQ1ZTZlMSJ9\">\n\t\t\t\t\t<div class=\"e-gallery-image elementor-gallery-item__image\" data-thumbnail=\"https:\/\/piatradepo.ro\/wp-content\/uploads\/2025\/01\/Piatradepo-Modulo-Dark-3.jpg\" data-width=\"850\" data-height=\"550\" aria-label=\"Modulo adaug\u0103 noi dimensiuni proiectului t\u0103u de amenajare a teritoriului, iar construirea cu Moodul este foarte simpl\u0103. Cu Modulo pute\u021bi crea o structur\u0103 at\u00e2t de func\u021bional\u0103 sau artistic\u0103 pe c\u00e2t dori\u021bi. De la un simplu perete la o jardinier\u0103 atractiv\u0103, de la o banc\u0103 de baz\u0103 la o camer\u0103 complet\u0103 de exterior. Dimensiuni (LUNGIME X L\u0102\u0162IME X GROSIME): 60 cm x 30 cm x 9 cm Bol\u021bar 60 cm x 30 cm x 7,5 cm Capac\" role=\"img\" ><\/div>\n\t\t\t\t\t\t\t\t\t\t\t<div class=\"elementor-gallery-item__overlay\"><\/div>\n\t\t\t\t\t\t\t\t\t\t\t\t\t\t<\/a>\n\t\t\t\t\t\t\t<a class=\"e-gallery-item elementor-gallery-item elementor-animated-content\" href=\"https:\/\/piatradepo.ro\/wp-content\/uploads\/2024\/12\/Rectangle-4.jpg\" data-elementor-open-lightbox=\"yes\" data-elementor-lightbox-slideshow=\"b45e6e1\" data-elementor-lightbox-title=\"Rectangle 4\" data-e-action-hash=\"#elementor-action%3Aaction%3Dlightbox%26settings%3DeyJpZCI6ODIsInVybCI6Imh0dHBzOlwvXC9waWF0cmFkZXBvLnJvXC93cC1jb250ZW50XC91cGxvYWRzXC8yMDI0XC8xMlwvUmVjdGFuZ2xlLTQuanBnIiwic2xpZGVzaG93IjoiYjQ1ZTZlMSJ9\">\n\t\t\t\t\t<div class=\"e-gallery-image elementor-gallery-item__image\" data-thumbnail=\"https:\/\/piatradepo.ro\/wp-content\/uploads\/2024\/12\/Rectangle-4.jpg\" data-width=\"1068\" data-height=\"448\" aria-label=\"\" role=\"img\" ><\/div>\n\t\t\t\t\t\t\t\t\t\t\t<div class=\"elementor-gallery-item__overlay\"><\/div>\n\t\t\t\t\t\t\t\t\t\t\t\t\t\t<\/a>\n\t\t\t\t\t\t\t<a class=\"e-gallery-item elementor-gallery-item elementor-animated-content\" href=\"https:\/\/piatradepo.ro\/wp-content\/uploads\/2025\/01\/art-brick-02-scaled-1.jpg\" data-elementor-open-lightbox=\"yes\" data-elementor-lightbox-slideshow=\"b45e6e1\" data-elementor-lightbox-title=\"art-brick-02-scaled\" data-e-action-hash=\"#elementor-action%3Aaction%3Dlightbox%26settings%3DeyJpZCI6NTQ0LCJ1cmwiOiJodHRwczpcL1wvcGlhdHJhZGVwby5yb1wvd3AtY29udGVudFwvdXBsb2Fkc1wvMjAyNVwvMDFcL2FydC1icmljay0wMi1zY2FsZWQtMS5qcGciLCJzbGlkZXNob3ciOiJiNDVlNmUxIn0%3D\">\n\t\t\t\t\t<div class=\"e-gallery-image elementor-gallery-item__image\" data-thumbnail=\"https:\/\/piatradepo.ro\/wp-content\/uploads\/2025\/01\/art-brick-02-scaled-1.jpg\" data-width=\"1920\" data-height=\"2560\" aria-label=\"\" role=\"img\" ><\/div>\n\t\t\t\t\t\t\t\t\t\t\t<div class=\"elementor-gallery-item__overlay\"><\/div>\n\t\t\t\t\t\t\t\t\t\t\t\t\t\t<\/a>\n\t\t\t\t\t\t\t<a class=\"e-gallery-item elementor-gallery-item elementor-animated-content\" href=\"https:\/\/piatradepo.ro\/wp-content\/uploads\/2025\/01\/Piatradepo-Modulo-Dark-1.jpg\" data-elementor-open-lightbox=\"yes\" data-elementor-lightbox-slideshow=\"b45e6e1\" data-elementor-lightbox-title=\"Piatradepo Modulo Dark\" data-elementor-lightbox-description=\"Modulo este un bloc de construc\u021bie modular contemporan, proiectat inovator pentru a permite crearea de caracteristici uimitoare \u00een gr\u0103dina dumneavoastr\u0103.\" data-e-action-hash=\"#elementor-action%3Aaction%3Dlightbox%26settings%3DeyJpZCI6MTA3NCwidXJsIjoiaHR0cHM6XC9cL3BpYXRyYWRlcG8ucm9cL3dwLWNvbnRlbnRcL3VwbG9hZHNcLzIwMjVcLzAxXC9QaWF0cmFkZXBvLU1vZHVsby1EYXJrLTEuanBnIiwic2xpZGVzaG93IjoiYjQ1ZTZlMSJ9\">\n\t\t\t\t\t<div class=\"e-gallery-image elementor-gallery-item__image\" data-thumbnail=\"https:\/\/piatradepo.ro\/wp-content\/uploads\/2025\/01\/Piatradepo-Modulo-Dark-1.jpg\" data-width=\"1000\" data-height=\"1000\" aria-label=\"Modulo adaug\u0103 noi dimensiuni proiectului t\u0103u de amenajare a teritoriului, iar construirea cu Moodul este foarte simpl\u0103. Cu Modulo pute\u021bi crea o structur\u0103 at\u00e2t de func\u021bional\u0103 sau artistic\u0103 pe c\u00e2t dori\u021bi. De la un simplu perete la o jardinier\u0103 atractiv\u0103, de la o banc\u0103 de baz\u0103 la o camer\u0103 complet\u0103 de exterior. Dimensiuni (LUNGIME X L\u0102\u0162IME X GROSIME): 60 cm x 30 cm x 9 cm Bol\u021bar 60 cm x 30 cm x 7,5 cm Capac\" role=\"img\" ><\/div>\n\t\t\t\t\t\t\t\t\t\t\t<div class=\"elementor-gallery-item__overlay\"><\/div>\n\t\t\t\t\t\t\t\t\t\t\t\t\t\t<\/a>\n\t\t\t\t\t\t\t<a class=\"e-gallery-item elementor-gallery-item elementor-animated-content\" href=\"https:\/\/piatradepo.ro\/wp-content\/uploads\/2025\/01\/Antico-P6.jpg\" data-elementor-open-lightbox=\"yes\" data-elementor-lightbox-slideshow=\"b45e6e1\" data-elementor-lightbox-title=\"Antico P6\" data-elementor-lightbox-description=\"Dac\u0103 e\u0219ti \u00een c\u0103utarea unui model unic, \u00een care fiecare plac\u0103 de pavaj s\u0103 aib\u0103 un profil diferit de distribu\u021bie a culorii, \u00ee\u021bi propunem modelul Antico, disponibil \u00een 4 variante de mixuri de nuan\u021be. \" data-e-action-hash=\"#elementor-action%3Aaction%3Dlightbox%26settings%3DeyJpZCI6ODYxLCJ1cmwiOiJodHRwczpcL1wvcGlhdHJhZGVwby5yb1wvd3AtY29udGVudFwvdXBsb2Fkc1wvMjAyNVwvMDFcL0FudGljby1QNi5qcGciLCJzbGlkZXNob3ciOiJiNDVlNmUxIn0%3D\">\n\t\t\t\t\t<div class=\"e-gallery-image elementor-gallery-item__image\" data-thumbnail=\"https:\/\/piatradepo.ro\/wp-content\/uploads\/2025\/01\/Antico-P6.jpg\" data-width=\"1200\" data-height=\"800\" aria-label=\"Orice mix de nuan\u021be vei folosi, pavelele Antico din beton vibropresat \u00ee\u021bi vor anima curtea!\" role=\"img\" ><\/div>\n\t\t\t\t\t\t\t\t\t\t\t<div class=\"elementor-gallery-item__overlay\"><\/div>\n\t\t\t\t\t\t\t\t\t\t\t\t\t\t<\/a>\n\t\t\t\t\t\t\t<a class=\"e-gallery-item elementor-gallery-item elementor-animated-content\" href=\"https:\/\/piatradepo.ro\/wp-content\/uploads\/2025\/01\/034-athos-scaled-1.jpg\" data-elementor-open-lightbox=\"yes\" data-elementor-lightbox-slideshow=\"b45e6e1\" data-elementor-lightbox-title=\"ATHOS\" data-elementor-lightbox-description=\"Dalele de pavaj modulare cu textura travertin Athos pot fi folosite at\u00e2t la interior c\u00e2t \u0219i la exterior pentru amenajarea cl\u0103dirilor, gr\u0103dinilor, teraselor. \" data-e-action-hash=\"#elementor-action%3Aaction%3Dlightbox%26settings%3DeyJpZCI6ODkzLCJ1cmwiOiJodHRwczpcL1wvcGlhdHJhZGVwby5yb1wvd3AtY29udGVudFwvdXBsb2Fkc1wvMjAyNVwvMDFcLzAzNC1hdGhvcy1zY2FsZWQtMS5qcGciLCJzbGlkZXNob3ciOiJiNDVlNmUxIn0%3D\">\n\t\t\t\t\t<div class=\"e-gallery-image elementor-gallery-item__image\" data-thumbnail=\"https:\/\/piatradepo.ro\/wp-content\/uploads\/2025\/01\/034-athos-scaled-1.jpg\" data-width=\"1200\" data-height=\"800\" aria-label=\"De asemenea, dalele de pavaj Athos (modul 2 dimensiuni) sunt ideale pentru pardoseli, la pavarea cur\u021bilor sau a aleilor din gr\u0103dini sau parcuri, terase, zone pietonale, de agrement, sau \u00een jurul piscinei. Decorarea cu aceste dale, confer\u0103 ambientelor dvs. elegan\u021b\u0103, armonie \u0219i stil. Montajul poate fi realizat pe pat de beton pentru trafic auto sau pe pat de nisip pentru trafic pietonal. Dale utilizate pentru: terase, gradini de iarn\u0103, alei, c\u0103i de acces, trepte, delimit\u0103ri de terenuri, \u00eencadrarea lateral\u0103 a treptelor, garduri, b\u0103ncu\u021be \u0219i cuptoare pentru grill, delimit\u0103ri pentru spa\u021bii verzi.\" role=\"img\" ><\/div>\n\t\t\t\t\t\t\t\t\t\t\t<div class=\"elementor-gallery-item__overlay\"><\/div>\n\t\t\t\t\t\t\t\t\t\t\t\t\t\t<\/a>\n\t\t\t\t\t\t\t<a class=\"e-gallery-item elementor-gallery-item elementor-animated-content\" href=\"https:\/\/piatradepo.ro\/wp-content\/uploads\/2025\/01\/002-accesorii-gard-scaled-1.jpg\" data-elementor-open-lightbox=\"yes\" data-elementor-lightbox-slideshow=\"b45e6e1\" data-elementor-lightbox-title=\"Capace interval Roma Classic\" data-elementor-lightbox-description=\"Capac interval Roma Clasic este un model de capac interval drept pentru gard, atic, balustrad\u0103 (m\u00e2n\u0103 curent\u0103) sau acoperirea parape\u021bilor teraselor \u0219i balcoanelor.\" data-e-action-hash=\"#elementor-action%3Aaction%3Dlightbox%26settings%3DeyJpZCI6MTE3MiwidXJsIjoiaHR0cHM6XC9cL3BpYXRyYWRlcG8ucm9cL3dwLWNvbnRlbnRcL3VwbG9hZHNcLzIwMjVcLzAxXC8wMDItYWNjZXNvcmlpLWdhcmQtc2NhbGVkLTEuanBnIiwic2xpZGVzaG93IjoiYjQ1ZTZlMSJ9\">\n\t\t\t\t\t<div class=\"e-gallery-image elementor-gallery-item__image\" data-thumbnail=\"https:\/\/piatradepo.ro\/wp-content\/uploads\/2025\/01\/002-accesorii-gard-scaled-1.jpg\" data-width=\"1200\" data-height=\"800\" aria-label=\"Capacele de interval de gard \u015fi aticurile pentru ziduri ac\u0163ioneaz\u0103 \u00een primul r\u00e2nd ca o protec\u0163ie \u00eempotriva efectelor d\u0103un\u0103toare ale expunerii constante la soare, ploaie, z\u0103pad\u0103 \u015fi ghea\u0163\u0103. Pe de alt\u0103 parte adaug\u0103 un plus de rezisten\u0163\u0103 \u015fi durabilitate zidurilor \u015fi gardurilor, m\u0103rindu-le durata de via\u0163\u0103.\" role=\"img\" ><\/div>\n\t\t\t\t\t\t\t\t\t\t\t<div class=\"elementor-gallery-item__overlay\"><\/div>\n\t\t\t\t\t\t\t\t\t\t\t\t\t\t<\/a>\n\t\t\t\t\t\t\t<a class=\"e-gallery-item elementor-gallery-item elementor-animated-content\" href=\"https:\/\/piatradepo.ro\/wp-content\/uploads\/2025\/01\/IMG_20170921_115358-scaled-1.jpg\" data-elementor-open-lightbox=\"yes\" data-elementor-lightbox-slideshow=\"b45e6e1\" data-elementor-lightbox-title=\"Pas Japonez\" data-elementor-lightbox-description=\"Lespezi \u00een form\u0103 rotund\u0103 sau semilun\u0103 montate \u00een iarb\u0103 sunt solu\u021bia ideal\u0103 pentru aleea gr\u0103dinii tale.\" data-e-action-hash=\"#elementor-action%3Aaction%3Dlightbox%26settings%3DeyJpZCI6MTQ0MiwidXJsIjoiaHR0cHM6XC9cL3BpYXRyYWRlcG8ucm9cL3dwLWNvbnRlbnRcL3VwbG9hZHNcLzIwMjVcLzAxXC9JTUdfMjAxNzA5MjFfMTE1MzU4LXNjYWxlZC0xLmpwZyIsInNsaWRlc2hvdyI6ImI0NWU2ZTEifQ%3D%3D\">\n\t\t\t\t\t<div class=\"e-gallery-image elementor-gallery-item__image\" data-thumbnail=\"https:\/\/piatradepo.ro\/wp-content\/uploads\/2025\/01\/IMG_20170921_115358-scaled-1.jpg\" data-width=\"1920\" data-height=\"2560\" aria-label=\"Lespezi \u00een form\u0103 rotund\u0103 sau semilun\u0103 montate \u00een iarb\u0103 sunt solu\u021bia ideal\u0103 pentru aleea gr\u0103dinii tale.\" role=\"img\" ><\/div>\n\t\t\t\t\t\t\t\t\t\t\t<div class=\"elementor-gallery-item__overlay\"><\/div>\n\t\t\t\t\t\t\t\t\t\t\t\t\t\t<\/a>\n\t\t\t\t\t\t\t<a class=\"e-gallery-item elementor-gallery-item elementor-animated-content\" href=\"https:\/\/piatradepo.ro\/wp-content\/uploads\/2024\/12\/WAN2161.png\" data-elementor-open-lightbox=\"yes\" data-elementor-lightbox-slideshow=\"b45e6e1\" data-elementor-lightbox-title=\"_WAN2161\" data-e-action-hash=\"#elementor-action%3Aaction%3Dlightbox%26settings%3DeyJpZCI6MjgwLCJ1cmwiOiJodHRwczpcL1wvcGlhdHJhZGVwby5yb1wvd3AtY29udGVudFwvdXBsb2Fkc1wvMjAyNFwvMTJcL1dBTjIxNjEucG5nIiwic2xpZGVzaG93IjoiYjQ1ZTZlMSJ9\">\n\t\t\t\t\t<div class=\"e-gallery-image elementor-gallery-item__image\" data-thumbnail=\"https:\/\/piatradepo.ro\/wp-content\/uploads\/2024\/12\/WAN2161.png\" data-width=\"501\" data-height=\"472\" aria-label=\"\" role=\"img\" ><\/div>\n\t\t\t\t\t\t\t\t\t\t\t<div class=\"elementor-gallery-item__overlay\"><\/div>\n\t\t\t\t\t\t\t\t\t\t\t\t\t\t<\/a>\n\t\t\t\t\t\t\t<a class=\"e-gallery-item elementor-gallery-item elementor-animated-content\" href=\"https:\/\/piatradepo.ro\/wp-content\/uploads\/2025\/01\/caramida-aparenta-art-brick-03.jpg\" data-elementor-open-lightbox=\"yes\" data-elementor-lightbox-slideshow=\"b45e6e1\" data-elementor-lightbox-title=\"caramida-aparenta-art-brick-03\" data-e-action-hash=\"#elementor-action%3Aaction%3Dlightbox%26settings%3DeyJpZCI6NTQyLCJ1cmwiOiJodHRwczpcL1wvcGlhdHJhZGVwby5yb1wvd3AtY29udGVudFwvdXBsb2Fkc1wvMjAyNVwvMDFcL2NhcmFtaWRhLWFwYXJlbnRhLWFydC1icmljay0wMy5qcGciLCJzbGlkZXNob3ciOiJiNDVlNmUxIn0%3D\">\n\t\t\t\t\t<div class=\"e-gallery-image elementor-gallery-item__image\" data-thumbnail=\"https:\/\/piatradepo.ro\/wp-content\/uploads\/2025\/01\/caramida-aparenta-art-brick-03.jpg\" data-width=\"1900\" data-height=\"1267\" aria-label=\"\" role=\"img\" ><\/div>\n\t\t\t\t\t\t\t\t\t\t\t<div class=\"elementor-gallery-item__overlay\"><\/div>\n\t\t\t\t\t\t\t\t\t\t\t\t\t\t<\/a>\n\t\t\t\t\t\t\t<a class=\"e-gallery-item elementor-gallery-item elementor-animated-content\" href=\"https:\/\/piatradepo.ro\/wp-content\/uploads\/2025\/01\/2Y6A1275-scaled-1.jpg\" data-elementor-open-lightbox=\"yes\" data-elementor-lightbox-slideshow=\"b45e6e1\" data-elementor-lightbox-title=\"Orion\" data-elementor-lightbox-description=\"Datorit\u0103 formatului generos de 1 m lungime pe 0.5 m la\u021bime, dalele de pavaj Orion pot fi folosite at\u00e2t la interior c\u00e2t \u0219i la exterior la pavarea cur\u021bilor, teraselor, zonelor de agrement, sau a zonelor din jurul piscinei.\" data-e-action-hash=\"#elementor-action%3Aaction%3Dlightbox%26settings%3DeyJpZCI6OTE4LCJ1cmwiOiJodHRwczpcL1wvcGlhdHJhZGVwby5yb1wvd3AtY29udGVudFwvdXBsb2Fkc1wvMjAyNVwvMDFcLzJZNkExMjc1LXNjYWxlZC0xLmpwZyIsInNsaWRlc2hvdyI6ImI0NWU2ZTEifQ%3D%3D\">\n\t\t\t\t\t<div class=\"e-gallery-image elementor-gallery-item__image\" data-thumbnail=\"https:\/\/piatradepo.ro\/wp-content\/uploads\/2025\/01\/2Y6A1275-scaled-1.jpg\" data-width=\"1200\" data-height=\"800\" aria-label=\"Acestea se preteaz\u0103 a fi montate pe \u0219ap\u0103 de beton pentru trafic auto sau pe pat de \u0219ap\u0103 semiuscat\u0103 pentru trafic pietonal.\" role=\"img\" ><\/div>\n\t\t\t\t\t\t\t\t\t\t\t<div class=\"elementor-gallery-item__overlay\"><\/div>\n\t\t\t\t\t\t\t\t\t\t\t\t\t\t<\/a>\n\t\t\t\t\t\t\t<a class=\"e-gallery-item elementor-gallery-item elementor-animated-content\" href=\"https:\/\/piatradepo.ro\/wp-content\/uploads\/2025\/01\/Banca-Robusta.jpg\" data-elementor-open-lightbox=\"yes\" data-elementor-lightbox-slideshow=\"b45e6e1\" data-elementor-lightbox-title=\"Banca Robusta\" data-elementor-lightbox-description=\"Dac\u0103 e\u0219ti \u00een c\u0103utarea unui model unic, \u00een care fiecare plac\u0103 de pavaj s\u0103 aib\u0103 un profil diferit de distribu\u021bie a culorii, \u00ee\u021bi propunem modelul Anima, disponibil \u00een 6 variante de mixuri de nuan\u021be.\" data-e-action-hash=\"#elementor-action%3Aaction%3Dlightbox%26settings%3DeyJpZCI6MTQ5MSwidXJsIjoiaHR0cHM6XC9cL3BpYXRyYWRlcG8ucm9cL3dwLWNvbnRlbnRcL3VwbG9hZHNcLzIwMjVcLzAxXC9CYW5jYS1Sb2J1c3RhLmpwZyIsInNsaWRlc2hvdyI6ImI0NWU2ZTEifQ%3D%3D\">\n\t\t\t\t\t<div class=\"e-gallery-image elementor-gallery-item__image\" data-thumbnail=\"https:\/\/piatradepo.ro\/wp-content\/uploads\/2025\/01\/Banca-Robusta.jpg\" data-width=\"1200\" data-height=\"800\" aria-label=\"Orice mix de nuan\u021be vei folosi, pavelele Anima din beton vibropresat \u00ee\u021bi vor anima curtea!\" role=\"img\" ><\/div>\n\t\t\t\t\t\t\t\t\t\t\t<div class=\"elementor-gallery-item__overlay\"><\/div>\n\t\t\t\t\t\t\t\t\t\t\t\t\t\t<\/a>\n\t\t\t\t\t\t\t<a class=\"e-gallery-item elementor-gallery-item elementor-animated-content\" href=\"https:\/\/piatradepo.ro\/wp-content\/uploads\/2025\/01\/old-brick-ambient-08-scaled-1.jpg\" data-elementor-open-lightbox=\"yes\" data-elementor-lightbox-slideshow=\"b45e6e1\" data-elementor-lightbox-title=\"old-brick-ambient-08-scaled\" data-e-action-hash=\"#elementor-action%3Aaction%3Dlightbox%26settings%3DeyJpZCI6MTMyNywidXJsIjoiaHR0cHM6XC9cL3BpYXRyYWRlcG8ucm9cL3dwLWNvbnRlbnRcL3VwbG9hZHNcLzIwMjVcLzAxXC9vbGQtYnJpY2stYW1iaWVudC0wOC1zY2FsZWQtMS5qcGciLCJzbGlkZXNob3ciOiJiNDVlNmUxIn0%3D\">\n\t\t\t\t\t<div class=\"e-gallery-image elementor-gallery-item__image\" data-thumbnail=\"https:\/\/piatradepo.ro\/wp-content\/uploads\/2025\/01\/old-brick-ambient-08-scaled-1.jpg\" data-width=\"1200\" data-height=\"675\" aria-label=\"\" role=\"img\" ><\/div>\n\t\t\t\t\t\t\t\t\t\t\t<div class=\"elementor-gallery-item__overlay\"><\/div>\n\t\t\t\t\t\t\t\t\t\t\t\t\t\t<\/a>\n\t\t\t\t\t\t\t<a class=\"e-gallery-item elementor-gallery-item elementor-animated-content\" href=\"https:\/\/piatradepo.ro\/wp-content\/uploads\/2025\/01\/TraverStone-StarStone-09-scaled-1.jpg\" data-elementor-open-lightbox=\"yes\" data-elementor-lightbox-slideshow=\"b45e6e1\" data-elementor-lightbox-title=\"Traverstone\" data-elementor-lightbox-description=\"Dalele de pavaj Traverstone impersioneaz\u0103 prin estetica deosebit\u0103 adaptat\u0103 epocii noastre.\" data-e-action-hash=\"#elementor-action%3Aaction%3Dlightbox%26settings%3DeyJpZCI6OTAzLCJ1cmwiOiJodHRwczpcL1wvcGlhdHJhZGVwby5yb1wvd3AtY29udGVudFwvdXBsb2Fkc1wvMjAyNVwvMDFcL1RyYXZlclN0b25lLVN0YXJTdG9uZS0wOS1zY2FsZWQtMS5qcGciLCJzbGlkZXNob3ciOiJiNDVlNmUxIn0%3D\">\n\t\t\t\t\t<div class=\"e-gallery-image elementor-gallery-item__image\" data-thumbnail=\"https:\/\/piatradepo.ro\/wp-content\/uploads\/2025\/01\/TraverStone-StarStone-09-scaled-1.jpg\" data-width=\"1200\" data-height=\"800\" aria-label=\"Pot fi folosite at\u00e2t la interior c\u00e2t \u0219i la exterior la pavarea cur\u021bilor sau a aleilor din gr\u0103dini sau parcuri, terase, zone pietonale, sau \u00een jurul piscinei. Acestea se preteaz\u0103 a fi montate pe \u0219ap\u0103 de beton pentru trafic auto sau pat de nisip pentru trafic pietonal sau auto u\u0219or.\" role=\"img\" ><\/div>\n\t\t\t\t\t\t\t\t\t\t\t<div class=\"elementor-gallery-item__overlay\"><\/div>\n\t\t\t\t\t\t\t\t\t\t\t\t\t\t<\/a>\n\t\t\t\t\t\t\t<a class=\"e-gallery-item elementor-gallery-item elementor-animated-content\" href=\"https:\/\/piatradepo.ro\/wp-content\/uploads\/2024\/12\/BORDURI.jpg\" data-elementor-open-lightbox=\"yes\" data-elementor-lightbox-slideshow=\"b45e6e1\" data-elementor-lightbox-title=\"BORDURI\" data-e-action-hash=\"#elementor-action%3Aaction%3Dlightbox%26settings%3DeyJpZCI6Mjk1LCJ1cmwiOiJodHRwczpcL1wvcGlhdHJhZGVwby5yb1wvd3AtY29udGVudFwvdXBsb2Fkc1wvMjAyNFwvMTJcL0JPUkRVUkkuanBnIiwic2xpZGVzaG93IjoiYjQ1ZTZlMSJ9\">\n\t\t\t\t\t<div class=\"e-gallery-image elementor-gallery-item__image\" data-thumbnail=\"https:\/\/piatradepo.ro\/wp-content\/uploads\/2024\/12\/BORDURI.jpg\" data-width=\"500\" data-height=\"470\" aria-label=\"\" role=\"img\" ><\/div>\n\t\t\t\t\t\t\t\t\t\t\t<div class=\"elementor-gallery-item__overlay\"><\/div>\n\t\t\t\t\t\t\t\t\t\t\t\t\t\t<\/a>\n\t\t\t\t\t\t\t<a class=\"e-gallery-item elementor-gallery-item elementor-animated-content\" href=\"https:\/\/piatradepo.ro\/wp-content\/uploads\/2025\/01\/Kit_Gardeo_4.jpg\" data-elementor-open-lightbox=\"yes\" data-elementor-lightbox-slideshow=\"b45e6e1\" data-elementor-lightbox-title=\"Kit Gardeo\" data-elementor-lightbox-description=\"Element st\u00e2lp gard 38x38x16 cm, 23.7 kg buc, 30 buc palet\n\nElement baz\u0103 gard 38x22x16 cm, 17,4 kg buc, 45 buc palet\n\nCapac st\u00e2lp 46x46x5 cm, 23 kg buc, 16 buc palet\n\nCapac gard 25x30x5 cm, 8.8 kg buc, 64 buc palet\" data-e-action-hash=\"#elementor-action%3Aaction%3Dlightbox%26settings%3DeyJpZCI6NjI3LCJ1cmwiOiJodHRwczpcL1wvcGlhdHJhZGVwby5yb1wvd3AtY29udGVudFwvdXBsb2Fkc1wvMjAyNVwvMDFcL0tpdF9HYXJkZW9fNC5qcGciLCJzbGlkZXNob3ciOiJiNDVlNmUxIn0%3D\">\n\t\t\t\t\t<div class=\"e-gallery-image elementor-gallery-item__image\" data-thumbnail=\"https:\/\/piatradepo.ro\/wp-content\/uploads\/2025\/01\/Kit_Gardeo_4.jpg\" data-width=\"1200\" data-height=\"800\" aria-label=\"\" role=\"img\" ><\/div>\n\t\t\t\t\t\t\t\t\t\t\t<div class=\"elementor-gallery-item__overlay\"><\/div>\n\t\t\t\t\t\t\t\t\t\t\t\t\t\t<\/a>\n\t\t\t\t\t\t\t<a class=\"e-gallery-item elementor-gallery-item elementor-animated-content\" href=\"https:\/\/piatradepo.ro\/wp-content\/uploads\/2025\/01\/star-brick-pattern-01-scaled-1.jpg\" data-elementor-open-lightbox=\"yes\" data-elementor-lightbox-slideshow=\"b45e6e1\" data-elementor-lightbox-title=\"Star Brick\" data-elementor-lightbox-description=\"Inspirat\u0103 din pavelele de c\u0103r\u0103mid\u0103 veche folosite \u00een ora\u0219ele europene, pavelele Star Brick sunt destinate punerii \u00een valoare a spa\u021biilor mici.\" data-e-action-hash=\"#elementor-action%3Aaction%3Dlightbox%26settings%3DeyJpZCI6ODcyLCJ1cmwiOiJodHRwczpcL1wvcGlhdHJhZGVwby5yb1wvd3AtY29udGVudFwvdXBsb2Fkc1wvMjAyNVwvMDFcL3N0YXItYnJpY2stcGF0dGVybi0wMS1zY2FsZWQtMS5qcGciLCJzbGlkZXNob3ciOiJiNDVlNmUxIn0%3D\">\n\t\t\t\t\t<div class=\"e-gallery-image elementor-gallery-item__image\" data-thumbnail=\"https:\/\/piatradepo.ro\/wp-content\/uploads\/2025\/01\/star-brick-pattern-01-scaled-1.jpg\" data-width=\"1200\" data-height=\"1442\" aria-label=\"Cu ajutorul unui proces de formare special conceput, fiecare pies\u0103 este antichizat\u0103 \u00een mod unic, iar dimensiunile sunt special concepute pentru o instalare u\u0219oar\u0103 \u0219i eficient\u0103. Acestea se preteaz\u0103 a fi montate pe \u0219ap\u0103 de beton pentru trafic auto sau pe \u0219ap\u0103 semiuscat\u0103 pentru trafic pietonal.\" role=\"img\" ><\/div>\n\t\t\t\t\t\t\t\t\t\t\t<div class=\"elementor-gallery-item__overlay\"><\/div>\n\t\t\t\t\t\t\t\t\t\t\t\t\t\t<\/a>\n\t\t\t\t\t\t\t<a class=\"e-gallery-item elementor-gallery-item elementor-animated-content\" href=\"https:\/\/piatradepo.ro\/wp-content\/uploads\/2025\/01\/Untitled-1.jpg\" data-elementor-open-lightbox=\"yes\" data-elementor-lightbox-slideshow=\"b45e6e1\" data-elementor-lightbox-title=\"Untitled-1\" data-e-action-hash=\"#elementor-action%3Aaction%3Dlightbox%26settings%3DeyJpZCI6MTYwMiwidXJsIjoiaHR0cHM6XC9cL3BpYXRyYWRlcG8ucm9cL3dwLWNvbnRlbnRcL3VwbG9hZHNcLzIwMjVcLzAxXC9VbnRpdGxlZC0xLmpwZyIsInNsaWRlc2hvdyI6ImI0NWU2ZTEifQ%3D%3D\">\n\t\t\t\t\t<div class=\"e-gallery-image elementor-gallery-item__image\" data-thumbnail=\"https:\/\/piatradepo.ro\/wp-content\/uploads\/2025\/01\/Untitled-1.jpg\" data-width=\"500\" data-height=\"470\" aria-label=\"\" role=\"img\" ><\/div>\n\t\t\t\t\t\t\t\t\t\t\t<div class=\"elementor-gallery-item__overlay\"><\/div>\n\t\t\t\t\t\t\t\t\t\t\t\t\t\t<\/a>\n\t\t\t\t\t\t\t<a class=\"e-gallery-item elementor-gallery-item elementor-animated-content\" href=\"https:\/\/piatradepo.ro\/wp-content\/uploads\/2025\/01\/149-top-scaled-1.jpg\" data-elementor-open-lightbox=\"yes\" data-elementor-lightbox-slideshow=\"b45e6e1\" data-elementor-lightbox-title=\"Arvore - White\" data-elementor-lightbox-description=\"Dalele de pavaj modulare cu textura travertin Arvore pot fi folosite at\u00e2t la interior c\u00e2t \u0219i la exterior pentru amenajarea cl\u0103dirilor, la placarea fa\u021badelor, pere\u021bilor interiori \u0219i exteriori.\" data-e-action-hash=\"#elementor-action%3Aaction%3Dlightbox%26settings%3DeyJpZCI6ODgwLCJ1cmwiOiJodHRwczpcL1wvcGlhdHJhZGVwby5yb1wvd3AtY29udGVudFwvdXBsb2Fkc1wvMjAyNVwvMDFcLzE0OS10b3Atc2NhbGVkLTEuanBnIiwic2xpZGVzaG93IjoiYjQ1ZTZlMSJ9\">\n\t\t\t\t\t<div class=\"e-gallery-image elementor-gallery-item__image\" data-thumbnail=\"https:\/\/piatradepo.ro\/wp-content\/uploads\/2025\/01\/149-top-scaled-1.jpg\" data-width=\"1200\" data-height=\"900\" aria-label=\"De asemenea, dalele de pavaj sunt ideale pentru pardoseli, la pavarea cur\u021bilor sau a aleilor din gradini sau parcuri, terase, zone pietonale, de agrement, sau in jurul piscinei. Decorarea cu aceste pavele, confer\u0103 ambientelor dvs. elegan\u021b\u0103, armonie \u0219i stil. Arvore, este un pavaj cu forme nesimetrice pentru a putea contribui astfel la unicitatea spa\u021biului dvs. La pavaj trebuie s\u0103 fi\u021bi aten\u021bi s\u0103 fie montat pe pat de beton pentru trafic auto sau pe pat de nisip pentru trafic pietonal. Acest pavaj poate fi folosit pentru: terase, gr\u0103dini de iarna, alei, c\u0103i de acces, trepte, delimit\u0103ri de terenuri, ziduri de gr\u0103din\u0103 \u0219i ziduri decorative, \u00eencadrarea lateral\u0103 a treptelor, garduri, b\u0103ncu\u021be \u0219i cuptoare pentru grill, delimit\u0103ri pentru spa\u021bii verzi.\" role=\"img\" ><\/div>\n\t\t\t\t\t\t\t\t\t\t\t<div class=\"elementor-gallery-item__overlay\"><\/div>\n\t\t\t\t\t\t\t\t\t\t\t\t\t\t<\/a>\n\t\t\t\t\t\t\t<a class=\"e-gallery-item elementor-gallery-item elementor-animated-content\" href=\"https:\/\/piatradepo.ro\/wp-content\/uploads\/2025\/01\/Banca-Resto.jpg\" data-elementor-open-lightbox=\"yes\" data-elementor-lightbox-slideshow=\"b45e6e1\" data-elementor-lightbox-title=\"Banca-Resto\" data-elementor-lightbox-description=\"Dac\u0103 e\u0219ti \u00een c\u0103utarea unui model unic, \u00een care fiecare plac\u0103 de pavaj s\u0103 aib\u0103 un profil diferit de distribu\u021bie a culorii, \u00ee\u021bi propunem modelul Anima, disponibil \u00een 6 variante de mixuri de nuan\u021be.\" data-e-action-hash=\"#elementor-action%3Aaction%3Dlightbox%26settings%3DeyJpZCI6MTQ3OCwidXJsIjoiaHR0cHM6XC9cL3BpYXRyYWRlcG8ucm9cL3dwLWNvbnRlbnRcL3VwbG9hZHNcLzIwMjVcLzAxXC9CYW5jYS1SZXN0by5qcGciLCJzbGlkZXNob3ciOiJiNDVlNmUxIn0%3D\">\n\t\t\t\t\t<div class=\"e-gallery-image elementor-gallery-item__image\" data-thumbnail=\"https:\/\/piatradepo.ro\/wp-content\/uploads\/2025\/01\/Banca-Resto.jpg\" data-width=\"1200\" data-height=\"800\" aria-label=\"Orice mix de nuan\u021be vei folosi, pavelele Anima din beton vibropresat \u00ee\u021bi vor anima curtea!\" role=\"img\" ><\/div>\n\t\t\t\t\t\t\t\t\t\t\t<div class=\"elementor-gallery-item__overlay\"><\/div>\n\t\t\t\t\t\t\t\t\t\t\t\t\t\t<\/a>\n\t\t\t\t\t\t\t<a class=\"e-gallery-item elementor-gallery-item elementor-animated-content\" href=\"https:\/\/piatradepo.ro\/wp-content\/uploads\/2025\/01\/Piatradepo-Modulo-Dark.jpg\" data-elementor-open-lightbox=\"yes\" data-elementor-lightbox-slideshow=\"b45e6e1\" data-elementor-lightbox-title=\"Boltari Modulo Dark\" data-elementor-lightbox-description=\"Modulo este un bloc de construc\u021bie modular contemporan, proiectat inovator pentru a permite crearea de caracteristici uimitoare \u00een gr\u0103dina dumneavoastr\u0103.\" data-e-action-hash=\"#elementor-action%3Aaction%3Dlightbox%26settings%3DeyJpZCI6MTA3NSwidXJsIjoiaHR0cHM6XC9cL3BpYXRyYWRlcG8ucm9cL3dwLWNvbnRlbnRcL3VwbG9hZHNcLzIwMjVcLzAxXC9QaWF0cmFkZXBvLU1vZHVsby1EYXJrLmpwZyIsInNsaWRlc2hvdyI6ImI0NWU2ZTEifQ%3D%3D\">\n\t\t\t\t\t<div class=\"e-gallery-image elementor-gallery-item__image\" data-thumbnail=\"https:\/\/piatradepo.ro\/wp-content\/uploads\/2025\/01\/Piatradepo-Modulo-Dark.jpg\" data-width=\"850\" data-height=\"550\" aria-label=\"Modulo adaug\u0103 noi dimensiuni proiectului t\u0103u de amenajare a teritoriului, iar construirea cu Moodul este foarte simpl\u0103. Cu Modulo pute\u021bi crea o structur\u0103 at\u00e2t de func\u021bional\u0103 sau artistic\u0103 pe c\u00e2t dori\u021bi. De la un simplu perete la o jardinier\u0103 atractiv\u0103, de la o banc\u0103 de baz\u0103 la o camer\u0103 complet\u0103 de exterior. Dimensiuni (LUNGIME X L\u0102\u0162IME X GROSIME): 60 cm x 30 cm x 9 cm Bol\u021bar 60 cm x 30 cm x 7,5 cm Capac\" role=\"img\" ><\/div>\n\t\t\t\t\t\t\t\t\t\t\t<div class=\"elementor-gallery-item__overlay\"><\/div>\n\t\t\t\t\t\t\t\t\t\t\t\t\t\t<\/a>\n\t\t\t\t\t\t\t<a class=\"e-gallery-item elementor-gallery-item elementor-animated-content\" href=\"https:\/\/piatradepo.ro\/wp-content\/uploads\/2025\/01\/Kit_Gardeo_5.jpg\" data-elementor-open-lightbox=\"yes\" data-elementor-lightbox-slideshow=\"b45e6e1\" data-elementor-lightbox-title=\"Kit Gardeo\" data-elementor-lightbox-description=\"Element st\u00e2lp gard 38x38x16 cm, 23.7 kg buc, 30 buc palet\n\nElement baz\u0103 gard 38x22x16 cm, 17,4 kg buc, 45 buc palet\n\nCapac st\u00e2lp 46x46x5 cm, 23 kg buc, 16 buc palet\n\nCapac gard 25x30x5 cm, 8.8 kg buc, 64 buc palet\" data-e-action-hash=\"#elementor-action%3Aaction%3Dlightbox%26settings%3DeyJpZCI6NjIzLCJ1cmwiOiJodHRwczpcL1wvcGlhdHJhZGVwby5yb1wvd3AtY29udGVudFwvdXBsb2Fkc1wvMjAyNVwvMDFcL0tpdF9HYXJkZW9fNS5qcGciLCJzbGlkZXNob3ciOiJiNDVlNmUxIn0%3D\">\n\t\t\t\t\t<div class=\"e-gallery-image elementor-gallery-item__image\" data-thumbnail=\"https:\/\/piatradepo.ro\/wp-content\/uploads\/2025\/01\/Kit_Gardeo_5.jpg\" data-width=\"1200\" data-height=\"800\" aria-label=\"\" role=\"img\" ><\/div>\n\t\t\t\t\t\t\t\t\t\t\t<div class=\"elementor-gallery-item__overlay\"><\/div>\n\t\t\t\t\t\t\t\t\t\t\t\t\t\t<\/a>\n\t\t\t\t\t\t\t<a class=\"e-gallery-item elementor-gallery-item elementor-animated-content\" href=\"https:\/\/piatradepo.ro\/wp-content\/uploads\/2025\/01\/037-athos-scaled-1.jpg\" data-elementor-open-lightbox=\"yes\" data-elementor-lightbox-slideshow=\"b45e6e1\" data-elementor-lightbox-title=\"ATHOS\" data-elementor-lightbox-description=\"Dalele de pavaj modulare cu textura travertin Athos pot fi folosite at\u00e2t la interior c\u00e2t \u0219i la exterior pentru amenajarea cl\u0103dirilor, gr\u0103dinilor, teraselor. \" data-e-action-hash=\"#elementor-action%3Aaction%3Dlightbox%26settings%3DeyJpZCI6ODg5LCJ1cmwiOiJodHRwczpcL1wvcGlhdHJhZGVwby5yb1wvd3AtY29udGVudFwvdXBsb2Fkc1wvMjAyNVwvMDFcLzAzNy1hdGhvcy1zY2FsZWQtMS5qcGciLCJzbGlkZXNob3ciOiJiNDVlNmUxIn0%3D\">\n\t\t\t\t\t<div class=\"e-gallery-image elementor-gallery-item__image\" data-thumbnail=\"https:\/\/piatradepo.ro\/wp-content\/uploads\/2025\/01\/037-athos-scaled-1.jpg\" data-width=\"1200\" data-height=\"800\" aria-label=\"De asemenea, dalele de pavaj Athos (modul 2 dimensiuni) sunt ideale pentru pardoseli, la pavarea cur\u021bilor sau a aleilor din gr\u0103dini sau parcuri, terase, zone pietonale, de agrement, sau \u00een jurul piscinei. Decorarea cu aceste dale, confer\u0103 ambientelor dvs. elegan\u021b\u0103, armonie \u0219i stil. Montajul poate fi realizat pe pat de beton pentru trafic auto sau pe pat de nisip pentru trafic pietonal. Dale utilizate pentru: terase, gradini de iarn\u0103, alei, c\u0103i de acces, trepte, delimit\u0103ri de terenuri, \u00eencadrarea lateral\u0103 a treptelor, garduri, b\u0103ncu\u021be \u0219i cuptoare pentru grill, delimit\u0103ri pentru spa\u021bii verzi.\" role=\"img\" ><\/div>\n\t\t\t\t\t\t\t\t\t\t\t<div class=\"elementor-gallery-item__overlay\"><\/div>\n\t\t\t\t\t\t\t\t\t\t\t\t\t\t<\/a>\n\t\t\t\t\t\t\t<a class=\"e-gallery-item elementor-gallery-item elementor-animated-content\" href=\"https:\/\/piatradepo.ro\/wp-content\/uploads\/2025\/01\/001-athos-scaled-1.jpg\" data-elementor-open-lightbox=\"yes\" data-elementor-lightbox-slideshow=\"b45e6e1\" data-elementor-lightbox-title=\"ATHOS\" data-elementor-lightbox-description=\"Dalele de pavaj modulare cu textura travertin Athos pot fi folosite at\u00e2t la interior c\u00e2t \u0219i la exterior pentru amenajarea cl\u0103dirilor, gr\u0103dinilor, teraselor. \" data-e-action-hash=\"#elementor-action%3Aaction%3Dlightbox%26settings%3DeyJpZCI6ODkwLCJ1cmwiOiJodHRwczpcL1wvcGlhdHJhZGVwby5yb1wvd3AtY29udGVudFwvdXBsb2Fkc1wvMjAyNVwvMDFcLzAwMS1hdGhvcy1zY2FsZWQtMS5qcGciLCJzbGlkZXNob3ciOiJiNDVlNmUxIn0%3D\">\n\t\t\t\t\t<div class=\"e-gallery-image elementor-gallery-item__image\" data-thumbnail=\"https:\/\/piatradepo.ro\/wp-content\/uploads\/2025\/01\/001-athos-scaled-1.jpg\" data-width=\"1200\" data-height=\"800\" aria-label=\"Dalele de pavaj modulare cu textura travertin Athos pot fi folosite at\u00e2t la interior c\u00e2t \u0219i la exterior pentru amenajarea cl\u0103dirilor, gr\u0103dinilor, teraselor.\" role=\"img\" ><\/div>\n\t\t\t\t\t\t\t\t\t\t\t<div class=\"elementor-gallery-item__overlay\"><\/div>\n\t\t\t\t\t\t\t\t\t\t\t\t\t\t<\/a>\n\t\t\t\t\t\t\t<a class=\"e-gallery-item elementor-gallery-item elementor-animated-content\" href=\"https:\/\/piatradepo.ro\/wp-content\/uploads\/2025\/01\/piatra-decorativa-traverstone-17-scaled-1.jpg\" data-elementor-open-lightbox=\"yes\" data-elementor-lightbox-slideshow=\"b45e6e1\" data-elementor-lightbox-title=\"piatra-decorativa-traverstone-17-scaled\" data-e-action-hash=\"#elementor-action%3Aaction%3Dlightbox%26settings%3DeyJpZCI6MTM3NywidXJsIjoiaHR0cHM6XC9cL3BpYXRyYWRlcG8ucm9cL3dwLWNvbnRlbnRcL3VwbG9hZHNcLzIwMjVcLzAxXC9waWF0cmEtZGVjb3JhdGl2YS10cmF2ZXJzdG9uZS0xNy1zY2FsZWQtMS5qcGciLCJzbGlkZXNob3ciOiJiNDVlNmUxIn0%3D\">\n\t\t\t\t\t<div class=\"e-gallery-image elementor-gallery-item__image\" data-thumbnail=\"https:\/\/piatradepo.ro\/wp-content\/uploads\/2025\/01\/piatra-decorativa-traverstone-17-scaled-1.jpg\" data-width=\"1200\" data-height=\"675\" aria-label=\"\" role=\"img\" ><\/div>\n\t\t\t\t\t\t\t\t\t\t\t<div class=\"elementor-gallery-item__overlay\"><\/div>\n\t\t\t\t\t\t\t\t\t\t\t\t\t\t<\/a>\n\t\t\t\t\t\t\t<a class=\"e-gallery-item elementor-gallery-item elementor-animated-content\" href=\"https:\/\/piatradepo.ro\/wp-content\/uploads\/2025\/01\/Kit_Gardeo_2.jpg\" data-elementor-open-lightbox=\"yes\" data-elementor-lightbox-slideshow=\"b45e6e1\" data-elementor-lightbox-title=\"Kit Gardeo\" data-elementor-lightbox-description=\"Element st\u00e2lp gard 38x38x16 cm, 23.7 kg buc, 30 buc palet\n\nElement baz\u0103 gard 38x22x16 cm, 17,4 kg buc, 45 buc palet\n\nCapac st\u00e2lp 46x46x5 cm, 23 kg buc, 16 buc palet\n\nCapac gard 25x30x5 cm, 8.8 kg buc, 64 buc palet\" data-e-action-hash=\"#elementor-action%3Aaction%3Dlightbox%26settings%3DeyJpZCI6NjI1LCJ1cmwiOiJodHRwczpcL1wvcGlhdHJhZGVwby5yb1wvd3AtY29udGVudFwvdXBsb2Fkc1wvMjAyNVwvMDFcL0tpdF9HYXJkZW9fMi5qcGciLCJzbGlkZXNob3ciOiJiNDVlNmUxIn0%3D\">\n\t\t\t\t\t<div class=\"e-gallery-image elementor-gallery-item__image\" data-thumbnail=\"https:\/\/piatradepo.ro\/wp-content\/uploads\/2025\/01\/Kit_Gardeo_2.jpg\" data-width=\"1200\" data-height=\"800\" aria-label=\"\" role=\"img\" ><\/div>\n\t\t\t\t\t\t\t\t\t\t\t<div class=\"elementor-gallery-item__overlay\"><\/div>\n\t\t\t\t\t\t\t\t\t\t\t\t\t\t<\/a>\n\t\t\t\t\t\t\t<a class=\"e-gallery-item elementor-gallery-item elementor-animated-content\" href=\"https:\/\/piatradepo.ro\/wp-content\/uploads\/2025\/01\/Kit_Gardeo_1.jpg\" data-elementor-open-lightbox=\"yes\" data-elementor-lightbox-slideshow=\"b45e6e1\" data-elementor-lightbox-title=\"Kit Gardeo\" data-elementor-lightbox-description=\"Element st\u00e2lp gard 38x38x16 cm, 23.7 kg buc, 30 buc palet\n\nElement baz\u0103 gard 38x22x16 cm, 17,4 kg buc, 45 buc palet\n\nCapac st\u00e2lp 46x46x5 cm, 23 kg buc, 16 buc palet\n\nCapac gard 25x30x5 cm, 8.8 kg buc, 64 buc palet\" data-e-action-hash=\"#elementor-action%3Aaction%3Dlightbox%26settings%3DeyJpZCI6NjI0LCJ1cmwiOiJodHRwczpcL1wvcGlhdHJhZGVwby5yb1wvd3AtY29udGVudFwvdXBsb2Fkc1wvMjAyNVwvMDFcL0tpdF9HYXJkZW9fMS5qcGciLCJzbGlkZXNob3ciOiJiNDVlNmUxIn0%3D\">\n\t\t\t\t\t<div class=\"e-gallery-image elementor-gallery-item__image\" data-thumbnail=\"https:\/\/piatradepo.ro\/wp-content\/uploads\/2025\/01\/Kit_Gardeo_1.jpg\" data-width=\"1200\" data-height=\"800\" aria-label=\"\" role=\"img\" ><\/div>\n\t\t\t\t\t\t\t\t\t\t\t<div class=\"elementor-gallery-item__overlay\"><\/div>\n\t\t\t\t\t\t\t\t\t\t\t\t\t\t<\/a>\n\t\t\t\t\t\t\t<a class=\"e-gallery-item elementor-gallery-item elementor-animated-content\" href=\"https:\/\/piatradepo.ro\/wp-content\/uploads\/2025\/01\/piatra-decorativa-traverstone-01-scaled-1.jpg\" data-elementor-open-lightbox=\"yes\" data-elementor-lightbox-slideshow=\"b45e6e1\" data-elementor-lightbox-title=\"piatra-decorativa-traverstone-01-scaled\" data-e-action-hash=\"#elementor-action%3Aaction%3Dlightbox%26settings%3DeyJpZCI6MTM3OCwidXJsIjoiaHR0cHM6XC9cL3BpYXRyYWRlcG8ucm9cL3dwLWNvbnRlbnRcL3VwbG9hZHNcLzIwMjVcLzAxXC9waWF0cmEtZGVjb3JhdGl2YS10cmF2ZXJzdG9uZS0wMS1zY2FsZWQtMS5qcGciLCJzbGlkZXNob3ciOiJiNDVlNmUxIn0%3D\">\n\t\t\t\t\t<div class=\"e-gallery-image elementor-gallery-item__image\" data-thumbnail=\"https:\/\/piatradepo.ro\/wp-content\/uploads\/2025\/01\/piatra-decorativa-traverstone-01-scaled-1.jpg\" data-width=\"1200\" data-height=\"803\" aria-label=\"\" role=\"img\" ><\/div>\n\t\t\t\t\t\t\t\t\t\t\t<div class=\"elementor-gallery-item__overlay\"><\/div>\n\t\t\t\t\t\t\t\t\t\t\t\t\t\t<\/a>\n\t\t\t\t\t\t\t<a class=\"e-gallery-item elementor-gallery-item elementor-animated-content\" href=\"https:\/\/piatradepo.ro\/wp-content\/uploads\/2025\/01\/Antico-P3.jpg\" data-elementor-open-lightbox=\"yes\" data-elementor-lightbox-slideshow=\"b45e6e1\" data-elementor-lightbox-title=\"Antico P3\" data-elementor-lightbox-description=\"Dac\u0103 e\u0219ti \u00een c\u0103utarea unui model unic, \u00een care fiecare plac\u0103 de pavaj s\u0103 aib\u0103 un profil diferit de distribu\u021bie a culorii, \u00ee\u021bi propunem modelul Antico, disponibil \u00een 4 variante de mixuri de nuan\u021be.\" data-e-action-hash=\"#elementor-action%3Aaction%3Dlightbox%26settings%3DeyJpZCI6ODUxLCJ1cmwiOiJodHRwczpcL1wvcGlhdHJhZGVwby5yb1wvd3AtY29udGVudFwvdXBsb2Fkc1wvMjAyNVwvMDFcL0FudGljby1QMy5qcGciLCJzbGlkZXNob3ciOiJiNDVlNmUxIn0%3D\">\n\t\t\t\t\t<div class=\"e-gallery-image elementor-gallery-item__image\" data-thumbnail=\"https:\/\/piatradepo.ro\/wp-content\/uploads\/2025\/01\/Antico-P3.jpg\" data-width=\"1200\" data-height=\"800\" aria-label=\"Orice mix de nuan\u021be vei folosi, pavelele Antico din beton vibropresat \u00ee\u021bi vor anima curtea!\" role=\"img\" ><\/div>\n\t\t\t\t\t\t\t\t\t\t\t<div class=\"elementor-gallery-item__overlay\"><\/div>\n\t\t\t\t\t\t\t\t\t\t\t\t\t\t<\/a>\n\t\t\t\t\t\t\t<a class=\"e-gallery-item elementor-gallery-item elementor-animated-content\" href=\"https:\/\/piatradepo.ro\/wp-content\/uploads\/2025\/01\/Piatradepo-Capital-Stalp.jpg\" data-elementor-open-lightbox=\"yes\" data-elementor-lightbox-slideshow=\"b45e6e1\" data-elementor-lightbox-title=\"Piatradepo Capital Stalp\" data-elementor-lightbox-description=\"Capitelul pentru st\u00e2lp de gard Roma este un produs special, din piatr\u0103 compozit\u0103, creat pentru decorarea st\u00e2lpului de gard. \u00cen afara aspectului deosebit, utilitatea capitelurilor are un cuvant important de spus datorit\u0103 formei capacului, aceasta fiind special proiectat\u0103 pentru scurgerea optim\u0103 a apei.\" data-e-action-hash=\"#elementor-action%3Aaction%3Dlightbox%26settings%3DeyJpZCI6MTI1NiwidXJsIjoiaHR0cHM6XC9cL3BpYXRyYWRlcG8ucm9cL3dwLWNvbnRlbnRcL3VwbG9hZHNcLzIwMjVcLzAxXC9QaWF0cmFkZXBvLUNhcGl0YWwtU3RhbHAuanBnIiwic2xpZGVzaG93IjoiYjQ1ZTZlMSJ9\">\n\t\t\t\t\t<div class=\"e-gallery-image elementor-gallery-item__image\" data-thumbnail=\"https:\/\/piatradepo.ro\/wp-content\/uploads\/2025\/01\/Piatradepo-Capital-Stalp.jpg\" data-width=\"1200\" data-height=\"1200\" aria-label=\"Capitelurile STAR STONE sunt colorate \u00een mas\u0103 astfel nefiind necesar\u0103 vopsirea lor. Ele sunt disponibile \u00eentr-o singur\u0103 culoare (Smoke \u2013 alb-g\u0103lbui) \u0219i \u0219ase dimensiuni.\" role=\"img\" ><\/div>\n\t\t\t\t\t\t\t\t\t\t\t<div class=\"elementor-gallery-item__overlay\"><\/div>\n\t\t\t\t\t\t\t\t\t\t\t\t\t\t<\/a>\n\t\t\t\t\t\t\t<a class=\"e-gallery-item elementor-gallery-item elementor-animated-content\" href=\"https:\/\/piatradepo.ro\/wp-content\/uploads\/2025\/01\/TraverStone-StarStone-05-scaled-1.jpg\" data-elementor-open-lightbox=\"yes\" data-elementor-lightbox-slideshow=\"b45e6e1\" data-elementor-lightbox-title=\"Traverstone\" data-elementor-lightbox-description=\"Dalele de pavaj Traverstone impersioneaz\u0103 prin estetica deosebit\u0103 adaptat\u0103 epocii noastre.\" data-e-action-hash=\"#elementor-action%3Aaction%3Dlightbox%26settings%3DeyJpZCI6OTA0LCJ1cmwiOiJodHRwczpcL1wvcGlhdHJhZGVwby5yb1wvd3AtY29udGVudFwvdXBsb2Fkc1wvMjAyNVwvMDFcL1RyYXZlclN0b25lLVN0YXJTdG9uZS0wNS1zY2FsZWQtMS5qcGciLCJzbGlkZXNob3ciOiJiNDVlNmUxIn0%3D\">\n\t\t\t\t\t<div class=\"e-gallery-image elementor-gallery-item__image\" data-thumbnail=\"https:\/\/piatradepo.ro\/wp-content\/uploads\/2025\/01\/TraverStone-StarStone-05-scaled-1.jpg\" data-width=\"1200\" data-height=\"800\" aria-label=\"Pot fi folosite at\u00e2t la interior c\u00e2t \u0219i la exterior la pavarea cur\u021bilor sau a aleilor din gr\u0103dini sau parcuri, terase, zone pietonale, sau \u00een jurul piscinei. Acestea se preteaz\u0103 a fi montate pe \u0219ap\u0103 de beton pentru trafic auto sau pat de nisip pentru trafic pietonal sau auto u\u0219or.\" role=\"img\" ><\/div>\n\t\t\t\t\t\t\t\t\t\t\t<div class=\"elementor-gallery-item__overlay\"><\/div>\n\t\t\t\t\t\t\t\t\t\t\t\t\t\t<\/a>\n\t\t\t\t\t\t\t<a class=\"e-gallery-item elementor-gallery-item elementor-animated-content\" href=\"https:\/\/piatradepo.ro\/wp-content\/uploads\/2025\/01\/Anima-D2.jpg\" data-elementor-open-lightbox=\"yes\" data-elementor-lightbox-slideshow=\"b45e6e1\" data-elementor-lightbox-title=\"Anima D2\" data-elementor-lightbox-description=\"Dac\u0103 e\u0219ti \u00een c\u0103utarea unui model unic, \u00een care fiecare plac\u0103 de pavaj s\u0103 aib\u0103 un profil diferit de distribu\u021bie a culorii, \u00ee\u021bi propunem modelul Anima, disponibil \u00een 6 variante de mixuri de nuan\u021be.\" data-e-action-hash=\"#elementor-action%3Aaction%3Dlightbox%26settings%3DeyJpZCI6ODAyLCJ1cmwiOiJodHRwczpcL1wvcGlhdHJhZGVwby5yb1wvd3AtY29udGVudFwvdXBsb2Fkc1wvMjAyNVwvMDFcL0FuaW1hLUQyLmpwZyIsInNsaWRlc2hvdyI6ImI0NWU2ZTEifQ%3D%3D\">\n\t\t\t\t\t<div class=\"e-gallery-image elementor-gallery-item__image\" data-thumbnail=\"https:\/\/piatradepo.ro\/wp-content\/uploads\/2025\/01\/Anima-D2.jpg\" data-width=\"1200\" data-height=\"800\" aria-label=\"Orice mix de nuan\u021be vei folosi, pavelele Anima din beton vibropresat \u00ee\u021bi vor anima curtea!\" role=\"img\" ><\/div>\n\t\t\t\t\t\t\t\t\t\t\t<div class=\"elementor-gallery-item__overlay\"><\/div>\n\t\t\t\t\t\t\t\t\t\t\t\t\t\t<\/a>\n\t\t\t\t\t<\/div>\n\t\t\t\t\t<\/div>\n\t\t\t\t<\/div>\n\t\t\t\t\t<\/div>\n\t\t<\/div>\n\t\t\t\t\t<\/div>\n\t\t<\/section>\n\t\t\t\t<\/div>\n\t\t","protected":false},"excerpt":{"rendered":"","protected":false},"author":1,"featured_media":0,"parent":0,"menu_order":0,"comment_status":"closed","ping_status":"closed","template":"elementor_header_footer","meta":{"footnotes":""},"class_list":["post-709","page","type-page","status-publish","hentry"],"yoast_head":"<!-- This site is optimized with the Yoast SEO plugin v27.3 - https:\/\/yoast.com\/product\/yoast-seo-wordpress\/ -->\n<title>INSPIRA\u0162IE - Piatradepo<\/title>\n<meta name=\"robots\" content=\"index, follow, max-snippet:-1, max-image-preview:large, max-video-preview:-1\" \/>\n<link rel=\"canonical\" href=\"https:\/\/piatradepo.ro\/ro\/inspiratie\/\" \/>\n<meta property=\"og:locale\" content=\"ro_RO\" \/>\n<meta property=\"og:type\" content=\"article\" \/>\n<meta property=\"og:title\" content=\"INSPIRA\u0162IE - Piatradepo\" \/>\n<meta property=\"og:url\" content=\"https:\/\/piatradepo.ro\/ro\/inspiratie\/\" \/>\n<meta property=\"og:site_name\" content=\"Piatradepo\" \/>\n<meta property=\"article:modified_time\" content=\"2025-02-06T09:34:39+00:00\" \/>\n<meta name=\"twitter:card\" content=\"summary_large_image\" \/>\n<script type=\"application\/ld+json\" class=\"yoast-schema-graph\">{\"@context\":\"https:\\\/\\\/schema.org\",\"@graph\":[{\"@type\":\"WebPage\",\"@id\":\"https:\\\/\\\/piatradepo.ro\\\/ro\\\/inspiratie\\\/\",\"url\":\"https:\\\/\\\/piatradepo.ro\\\/ro\\\/inspiratie\\\/\",\"name\":\"INSPIRA\u0162IE - Piatradepo\",\"isPartOf\":{\"@id\":\"https:\\\/\\\/piatradepo.ro\\\/ro\\\/#website\"},\"datePublished\":\"2025-01-14T11:55:37+00:00\",\"dateModified\":\"2025-02-06T09:34:39+00:00\",\"breadcrumb\":{\"@id\":\"https:\\\/\\\/piatradepo.ro\\\/ro\\\/inspiratie\\\/#breadcrumb\"},\"inLanguage\":\"ro-RO\",\"potentialAction\":[{\"@type\":\"ReadAction\",\"target\":[\"https:\\\/\\\/piatradepo.ro\\\/ro\\\/inspiratie\\\/\"]}]},{\"@type\":\"BreadcrumbList\",\"@id\":\"https:\\\/\\\/piatradepo.ro\\\/ro\\\/inspiratie\\\/#breadcrumb\",\"itemListElement\":[{\"@type\":\"ListItem\",\"position\":1,\"name\":\"Home\",\"item\":\"https:\\\/\\\/piatradepo.ro\\\/ro\\\/\"},{\"@type\":\"ListItem\",\"position\":2,\"name\":\"INSPIRA\u0162IE\"}]},{\"@type\":\"WebSite\",\"@id\":\"https:\\\/\\\/piatradepo.ro\\\/ro\\\/#website\",\"url\":\"https:\\\/\\\/piatradepo.ro\\\/ro\\\/\",\"name\":\"Piatradepo\",\"description\":\"Elemente de placare premium pentru perete, soclu, gard, baie, buc\u0103t\u0103rie, elemente de gard, dale.\",\"publisher\":{\"@id\":\"https:\\\/\\\/piatradepo.ro\\\/ro\\\/#organization\"},\"potentialAction\":[{\"@type\":\"SearchAction\",\"target\":{\"@type\":\"EntryPoint\",\"urlTemplate\":\"https:\\\/\\\/piatradepo.ro\\\/ro\\\/?s={search_term_string}\"},\"query-input\":{\"@type\":\"PropertyValueSpecification\",\"valueRequired\":true,\"valueName\":\"search_term_string\"}}],\"inLanguage\":\"ro-RO\"},{\"@type\":\"Organization\",\"@id\":\"https:\\\/\\\/piatradepo.ro\\\/ro\\\/#organization\",\"name\":\"Piatradepo\",\"url\":\"https:\\\/\\\/piatradepo.ro\\\/ro\\\/\",\"logo\":{\"@type\":\"ImageObject\",\"inLanguage\":\"ro-RO\",\"@id\":\"https:\\\/\\\/piatradepo.ro\\\/ro\\\/#\\\/schema\\\/logo\\\/image\\\/\",\"url\":\"https:\\\/\\\/piatradepo.ro\\\/wp-content\\\/uploads\\\/2025\\\/01\\\/cropped-logo.jpg\",\"contentUrl\":\"https:\\\/\\\/piatradepo.ro\\\/wp-content\\\/uploads\\\/2025\\\/01\\\/cropped-logo.jpg\",\"width\":100,\"height\":100,\"caption\":\"Piatradepo\"},\"image\":{\"@id\":\"https:\\\/\\\/piatradepo.ro\\\/ro\\\/#\\\/schema\\\/logo\\\/image\\\/\"}}]}<\/script>\n<!-- \/ Yoast SEO plugin. -->","yoast_head_json":{"title":"INSPIRA\u0162IE - Piatradepo","robots":{"index":"index","follow":"follow","max-snippet":"max-snippet:-1","max-image-preview":"max-image-preview:large","max-video-preview":"max-video-preview:-1"},"canonical":"https:\/\/piatradepo.ro\/ro\/inspiratie\/","og_locale":"ro_RO","og_type":"article","og_title":"INSPIRA\u0162IE - Piatradepo","og_url":"https:\/\/piatradepo.ro\/ro\/inspiratie\/","og_site_name":"Piatradepo","article_modified_time":"2025-02-06T09:34:39+00:00","twitter_card":"summary_large_image","schema":{"@context":"https:\/\/schema.org","@graph":[{"@type":"WebPage","@id":"https:\/\/piatradepo.ro\/ro\/inspiratie\/","url":"https:\/\/piatradepo.ro\/ro\/inspiratie\/","name":"INSPIRA\u0162IE - Piatradepo","isPartOf":{"@id":"https:\/\/piatradepo.ro\/ro\/#website"},"datePublished":"2025-01-14T11:55:37+00:00","dateModified":"2025-02-06T09:34:39+00:00","breadcrumb":{"@id":"https:\/\/piatradepo.ro\/ro\/inspiratie\/#breadcrumb"},"inLanguage":"ro-RO","potentialAction":[{"@type":"ReadAction","target":["https:\/\/piatradepo.ro\/ro\/inspiratie\/"]}]},{"@type":"BreadcrumbList","@id":"https:\/\/piatradepo.ro\/ro\/inspiratie\/#breadcrumb","itemListElement":[{"@type":"ListItem","position":1,"name":"Home","item":"https:\/\/piatradepo.ro\/ro\/"},{"@type":"ListItem","position":2,"name":"INSPIRA\u0162IE"}]},{"@type":"WebSite","@id":"https:\/\/piatradepo.ro\/ro\/#website","url":"https:\/\/piatradepo.ro\/ro\/","name":"Piatradepo","description":"Elemente de placare premium pentru perete, soclu, gard, baie, buc\u0103t\u0103rie, elemente de gard, dale.","publisher":{"@id":"https:\/\/piatradepo.ro\/ro\/#organization"},"potentialAction":[{"@type":"SearchAction","target":{"@type":"EntryPoint","urlTemplate":"https:\/\/piatradepo.ro\/ro\/?s={search_term_string}"},"query-input":{"@type":"PropertyValueSpecification","valueRequired":true,"valueName":"search_term_string"}}],"inLanguage":"ro-RO"},{"@type":"Organization","@id":"https:\/\/piatradepo.ro\/ro\/#organization","name":"Piatradepo","url":"https:\/\/piatradepo.ro\/ro\/","logo":{"@type":"ImageObject","inLanguage":"ro-RO","@id":"https:\/\/piatradepo.ro\/ro\/#\/schema\/logo\/image\/","url":"https:\/\/piatradepo.ro\/wp-content\/uploads\/2025\/01\/cropped-logo.jpg","contentUrl":"https:\/\/piatradepo.ro\/wp-content\/uploads\/2025\/01\/cropped-logo.jpg","width":100,"height":100,"caption":"Piatradepo"},"image":{"@id":"https:\/\/piatradepo.ro\/ro\/#\/schema\/logo\/image\/"}}]}},"_links":{"self":[{"href":"https:\/\/piatradepo.ro\/ro\/wp-json\/wp\/v2\/pages\/709","targetHints":{"allow":["GET"]}}],"collection":[{"href":"https:\/\/piatradepo.ro\/ro\/wp-json\/wp\/v2\/pages"}],"about":[{"href":"https:\/\/piatradepo.ro\/ro\/wp-json\/wp\/v2\/types\/page"}],"author":[{"embeddable":true,"href":"https:\/\/piatradepo.ro\/ro\/wp-json\/wp\/v2\/users\/1"}],"replies":[{"embeddable":true,"href":"https:\/\/piatradepo.ro\/ro\/wp-json\/wp\/v2\/comments?post=709"}],"version-history":[{"count":40,"href":"https:\/\/piatradepo.ro\/ro\/wp-json\/wp\/v2\/pages\/709\/revisions"}],"predecessor-version":[{"id":2368,"href":"https:\/\/piatradepo.ro\/ro\/wp-json\/wp\/v2\/pages\/709\/revisions\/2368"}],"wp:attachment":[{"href":"https:\/\/piatradepo.ro\/ro\/wp-json\/wp\/v2\/media?parent=709"}],"curies":[{"name":"wp","href":"https:\/\/api.w.org\/{rel}","templated":true}]}}